{"id":101,"date":"2023-12-14T07:36:41","date_gmt":"2023-12-14T07:36:41","guid":{"rendered":"https:\/\/x.dorfgeschichte-mettmenstetten.ch\/?page_id=101"},"modified":"2023-12-14T08:18:05","modified_gmt":"2023-12-14T08:18:05","slug":"x1004","status":"publish","type":"page","link":"https:\/\/x.dorfgeschichte-mettmenstetten.ch\/index.php\/x1004\/","title":{"rendered":"X1004"},"content":{"rendered":"\n<div class=\"wp-block-columns is-layout-flex wp-container-core-columns-is-layout-7387b849 wp-block-columns-is-layout-flex\">\n<div class=\"wp-block-column is-layout-flow wp-block-column-is-layout-flow\" style=\"flex-basis:15%\"><\/div>\n\n\n\n<div class=\"wp-block-column is-layout-flow wp-block-column-is-layout-flow\" style=\"flex-basis:50%\">\n<p class=\"wp-block-paragraph\"><strong>Ausgangslage<\/strong><\/p>\n\n\n\n<p class=\"wp-block-paragraph\">Vergleich H\u00e4berling &#8211; Fehr betreffend Backofen <br><em>Der Name Fehr k\u00f6nnte ggf. nicht stimmen. <\/em><\/p>\n\n\n\n<figure class=\"wp-block-gallery has-nested-images columns-4 is-cropped wp-block-gallery-1 is-layout-flex wp-block-gallery-is-layout-flex\">\n<figure class=\"wp-block-image size-large\"><a href=\"https:\/\/x.dorfgeschichte-mettmenstetten.ch\/wp-content\/uploads\/2023\/12\/X1004-Februar-1848-01.jpg\" target=\"_blank\" rel=\"noreferrer noopener\"><img loading=\"lazy\" decoding=\"async\" width=\"816\" height=\"1024\" data-id=\"102\" src=\"https:\/\/x.dorfgeschichte-mettmenstetten.ch\/wp-content\/uploads\/2023\/12\/X1004-Februar-1848-01-816x1024.jpg\" alt=\"\" class=\"wp-image-102\" srcset=\"https:\/\/x.dorfgeschichte-mettmenstetten.ch\/wp-content\/uploads\/2023\/12\/X1004-Februar-1848-01-816x1024.jpg 816w, https:\/\/x.dorfgeschichte-mettmenstetten.ch\/wp-content\/uploads\/2023\/12\/X1004-Februar-1848-01-239x300.jpg 239w, https:\/\/x.dorfgeschichte-mettmenstetten.ch\/wp-content\/uploads\/2023\/12\/X1004-Februar-1848-01-768x964.jpg 768w, https:\/\/x.dorfgeschichte-mettmenstetten.ch\/wp-content\/uploads\/2023\/12\/X1004-Februar-1848-01.jpg 984w\" sizes=\"auto, (max-width: 816px) 100vw, 816px\" \/><\/a><\/figure>\n\n\n\n<figure class=\"wp-block-image size-large\"><a href=\"https:\/\/x.dorfgeschichte-mettmenstetten.ch\/wp-content\/uploads\/2023\/12\/X1004-Februar-1848-02-scaled.jpg\" target=\"_blank\" rel=\"noreferrer noopener\"><img loading=\"lazy\" decoding=\"async\" width=\"638\" height=\"1024\" data-id=\"103\" src=\"https:\/\/x.dorfgeschichte-mettmenstetten.ch\/wp-content\/uploads\/2023\/12\/X1004-Februar-1848-02-638x1024.jpg\" alt=\"\" class=\"wp-image-103\" srcset=\"https:\/\/x.dorfgeschichte-mettmenstetten.ch\/wp-content\/uploads\/2023\/12\/X1004-Februar-1848-02-638x1024.jpg 638w, https:\/\/x.dorfgeschichte-mettmenstetten.ch\/wp-content\/uploads\/2023\/12\/X1004-Februar-1848-02-187x300.jpg 187w, https:\/\/x.dorfgeschichte-mettmenstetten.ch\/wp-content\/uploads\/2023\/12\/X1004-Februar-1848-02-768x1232.jpg 768w, https:\/\/x.dorfgeschichte-mettmenstetten.ch\/wp-content\/uploads\/2023\/12\/X1004-Februar-1848-02-958x1536.jpg 958w, https:\/\/x.dorfgeschichte-mettmenstetten.ch\/wp-content\/uploads\/2023\/12\/X1004-Februar-1848-02-1277x2048.jpg 1277w, https:\/\/x.dorfgeschichte-mettmenstetten.ch\/wp-content\/uploads\/2023\/12\/X1004-Februar-1848-02-scaled.jpg 1596w\" sizes=\"auto, (max-width: 638px) 100vw, 638px\" \/><\/a><\/figure>\n\n\n\n<figure class=\"wp-block-image size-large\"><a href=\"https:\/\/x.dorfgeschichte-mettmenstetten.ch\/wp-content\/uploads\/2023\/12\/X1004-Februar-1848-03.jpg\"><img loading=\"lazy\" decoding=\"async\" width=\"1024\" height=\"563\" data-id=\"104\" src=\"https:\/\/x.dorfgeschichte-mettmenstetten.ch\/wp-content\/uploads\/2023\/12\/X1004-Februar-1848-03-1024x563.jpg\" alt=\"\" class=\"wp-image-104\" srcset=\"https:\/\/x.dorfgeschichte-mettmenstetten.ch\/wp-content\/uploads\/2023\/12\/X1004-Februar-1848-03-1024x563.jpg 1024w, https:\/\/x.dorfgeschichte-mettmenstetten.ch\/wp-content\/uploads\/2023\/12\/X1004-Februar-1848-03-300x165.jpg 300w, https:\/\/x.dorfgeschichte-mettmenstetten.ch\/wp-content\/uploads\/2023\/12\/X1004-Februar-1848-03-768x422.jpg 768w, https:\/\/x.dorfgeschichte-mettmenstetten.ch\/wp-content\/uploads\/2023\/12\/X1004-Februar-1848-03.jpg 1508w\" sizes=\"auto, (max-width: 1024px) 100vw, 1024px\" \/><\/a><\/figure>\n<\/figure>\n\n\n\n<div style=\"height:51px\" aria-hidden=\"true\" class=\"wp-block-spacer\"><\/div>\n\n\n\n<p class=\"wp-block-paragraph\"><strong>\u00dcbersetzung<\/strong>: <em> maschinell <\/em><\/p>\n\n\n\n<p class=\"wp-block-paragraph\">G\u00fctlicher Vergleich entzwischen Johann Fehr, Schreiner und Heinrich H\u00e4berling, B\u00e4cker. Unter Metmenstetten Dat. den 18. Febr. 1848<br>Vergleich.<br>Unter Mitwirkung des Herrn Rudolf Huber, Federnh\u00e4ndler in Unter-Metmenstetten und Herrn Bezirksgerichtspr\u00e4sident B\u00e4r in Rifferschweil haben sich Joh. Fehr Schreiner in Unter Metmenstetten und Heinrich H\u00e4berling, B\u00e4cker dasselbst \u00fcber einen beim Tit. Bezirksgericht Affoltern obschwebenden Streitgegenstand, betreffend die Wirkung eines von letzterem neu errichteten Backofens in den Keller des Fehr zu nachstehender \u00dcbereinkunft g\u00fctlich einverstanden. <\/p>\n\n\n\n<ol class=\"wp-block-list\">\n<li>R\u00e4umt Heinrich H\u00e4berling dem Joh: Fehr in seinem eigenen Keller auf der nord\u00f6stlichen Seite ein Platz zu freier Benutzung von 8 Tauge und 7 und caus&#8220; Breite so lange ein, bis H\u00e4berling seinen Backofen nach Art. \u00a74 ver\u00e4ndert haben wird.<\/li>\n\n\n\n<li>Obgenannter Kellerraum, so wie der zu errichtende 4&#8242; lange und 4&#8242; breite Vorkeller sind mit Latten, oder Baden auf Kosten beider Theile mit verschlie\u00dfbaren Th\u00fcren versehen einzufassen, da\u00df dieselben vom \u00fcbrigem Kellerraum abgeschlo\u00dfen bleiben. <\/li>\n\n\n\n<li>Kommt H\u00e4berling in Fall, was innert 10 Jahren, erfolgen wird, den Ofen zu reparieren, oder zu ver\u00e4ndern, so solle er dann einer verpflichtet sein, zwischen dem Ofen und der Kellermauer einen Zwischenraum von 64 Breite herstellen zu la\u00dfen, in welchen ein von \u00f6sterlicher Seite des H\u00e4berlings Backstube von au\u00dfen her in den Luftraum f\u00fchrendes Rohr von 3&#8243; Durchmesser angebracht und auch westlicher Seite eine gleiche \u00d6ffnung errichtet werden, um dadurch einen Luftabzug herzustellen, der die erw\u00e4rmte Luft aus diesem Sinne ableitet. <\/li>\n\n\n\n<li>Bei Errichtung obgenannten Luftzuges ist die Erkl\u00e4rung eines in diesem Fache sachkundigen Baumeisters \u00fcber den Punkt einzuholen und beim Bauendornoch zu verfahren: Ob der 6 zollige Luftraum von oben nur bis auf die Fl\u00e4che des Ofenbodens gen\u00fcge, oder ob dieser Raum bis auf den Grund des Ofens zu errichten<\/li>\n\n\n\n<li>Erkl\u00e4rt H\u00e4berling den an der Kellermauer anseigebrachten Aschenbeh\u00e4lter nie f\u00fcr Aufbewahrung feurige Kohlen zu gebrauchen. <\/li>\n\n\n\n<li>Die zu errichtende Einfassung im Keller bleibt, sobald er seinen Keller wieder benutzen kann und eigenen Art: 3. 4 u 5 erf\u00fcllt sind alleiniges Eigenthum des H\u00e4berling. <\/li>\n<\/ol>\n\n\n\n<p class=\"wp-block-paragraph\">Von den erlaufenen Gerichtskosten tr\u00e4gt H\u00e4berling 2\/3 und Fehr 1\/3, die Weisungskosten zahlt Fehr allein Da\u00df beide Partheien auf g\u00fctlichem Wege die Bestimmungen dieses Vergleichs angegangen sind und denselben nachzukommen versprechen, bezeugen sie eigenh\u00e4ndig.<br>Joh. Fehr. Schreiner, Heinrich H\u00e4berling B\u00e4cker <\/p>\n\n\n\n<p class=\"wp-block-paragraph\">Metmenstetten den 18. Februar 1848.<\/p>\n<\/div>\n\n\n\n<div class=\"wp-block-column is-layout-flow wp-block-column-is-layout-flow\" style=\"flex-basis:25%\"><\/div>\n<\/div>\n","protected":false},"excerpt":{"rendered":"<p>Ausgangslage Vergleich H\u00e4berling &#8211; Fehr betreffend Backofen Der Name Fehr k\u00f6nnte ggf. nicht stimmen. \u00dcbersetzung: maschinell G\u00fctlicher Vergleich entzwischen Johann Fehr, Schreiner und Heinrich H\u00e4berling, B\u00e4cker. Unter Metmenstetten Dat. den 18. Febr. 1848Vergleich.Unter Mitwirkung des Herrn Rudolf Huber, Federnh\u00e4ndler in Unter-Metmenstetten und Herrn Bezirksgerichtspr\u00e4sident B\u00e4r in Rifferschweil haben sich Joh. Fehr Schreiner in Unter Metmenstetten [&hellip;]<\/p>\n","protected":false},"author":2,"featured_media":0,"parent":0,"menu_order":0,"comment_status":"closed","ping_status":"closed","template":"","meta":{"site-sidebar-layout":"default","site-content-layout":"","ast-site-content-layout":"default","site-content-style":"default","site-sidebar-style":"default","ast-global-header-display":"","ast-banner-title-visibility":"","ast-main-header-display":"","ast-hfb-above-header-display":"","ast-hfb-below-header-display":"","ast-hfb-mobile-header-display":"","site-post-title":"disabled","ast-breadcrumbs-content":"","ast-featured-img":"","footer-sml-layout":"","theme-transparent-header-meta":"","adv-header-id-meta":"","stick-header-meta":"","header-above-stick-meta":"","header-main-stick-meta":"","header-below-stick-meta":"","astra-migrate-meta-layouts":"","ast-page-background-enabled":"default","ast-page-background-meta":{"desktop":{"background-color":"var(--ast-global-color-4)","background-image":"","background-repeat":"repeat","background-position":"center center","background-size":"auto","background-attachment":"scroll","background-type":"","background-media":"","overlay-type":"","overlay-color":"","overlay-opacity":"","overlay-gradient":""},"tablet":{"background-color":"","background-image":"","background-repeat":"repeat","background-position":"center center","background-size":"auto","background-attachment":"scroll","background-type":"","background-media":"","overlay-type":"","overlay-color":"","overlay-opacity":"","overlay-gradient":""},"mobile":{"background-color":"","background-image":"","background-repeat":"repeat","background-position":"center center","background-size":"auto","background-attachment":"scroll","background-type":"","background-media":"","overlay-type":"","overlay-color":"","overlay-opacity":"","overlay-gradient":""}},"ast-content-background-meta":{"desktop":{"background-color":"var(--ast-global-color-5)","background-image":"","background-repeat":"repeat","background-position":"center center","background-size":"auto","background-attachment":"scroll","background-type":"","background-media":"","overlay-type":"","overlay-color":"","overlay-opacity":"","overlay-gradient":""},"tablet":{"background-color":"var(--ast-global-color-5)","background-image":"","background-repeat":"repeat","background-position":"center center","background-size":"auto","background-attachment":"scroll","background-type":"","background-media":"","overlay-type":"","overlay-color":"","overlay-opacity":"","overlay-gradient":""},"mobile":{"background-color":"var(--ast-global-color-5)","background-image":"","background-repeat":"repeat","background-position":"center center","background-size":"auto","background-attachment":"scroll","background-type":"","background-media":"","overlay-type":"","overlay-color":"","overlay-opacity":"","overlay-gradient":""}},"footnotes":""},"class_list":["post-101","page","type-page","status-publish","hentry"],"_links":{"self":[{"href":"https:\/\/x.dorfgeschichte-mettmenstetten.ch\/index.php\/wp-json\/wp\/v2\/pages\/101","targetHints":{"allow":["GET"]}}],"collection":[{"href":"https:\/\/x.dorfgeschichte-mettmenstetten.ch\/index.php\/wp-json\/wp\/v2\/pages"}],"about":[{"href":"https:\/\/x.dorfgeschichte-mettmenstetten.ch\/index.php\/wp-json\/wp\/v2\/types\/page"}],"author":[{"embeddable":true,"href":"https:\/\/x.dorfgeschichte-mettmenstetten.ch\/index.php\/wp-json\/wp\/v2\/users\/2"}],"replies":[{"embeddable":true,"href":"https:\/\/x.dorfgeschichte-mettmenstetten.ch\/index.php\/wp-json\/wp\/v2\/comments?post=101"}],"version-history":[{"count":3,"href":"https:\/\/x.dorfgeschichte-mettmenstetten.ch\/index.php\/wp-json\/wp\/v2\/pages\/101\/revisions"}],"predecessor-version":[{"id":108,"href":"https:\/\/x.dorfgeschichte-mettmenstetten.ch\/index.php\/wp-json\/wp\/v2\/pages\/101\/revisions\/108"}],"wp:attachment":[{"href":"https:\/\/x.dorfgeschichte-mettmenstetten.ch\/index.php\/wp-json\/wp\/v2\/media?parent=101"}],"curies":[{"name":"wp","href":"https:\/\/api.w.org\/{rel}","templated":true}]}}